{"id":400,"date":"2024-02-11T13:10:04","date_gmt":"2024-02-11T13:10:04","guid":{"rendered":"https:\/\/juditfigueraspsicologia.com\/?page_id=400"},"modified":"2024-02-29T10:31:57","modified_gmt":"2024-02-29T10:31:57","slug":"politica-privacidad","status":"publish","type":"page","link":"https:\/\/juditfigueraspsicologia.com\/index.php\/politica-privacidad\/","title":{"rendered":"Pol\u00edtica de Privacidad"},"content":{"rendered":"\t\t<div data-elementor-type=\"wp-page\" data-elementor-id=\"400\" class=\"elementor elementor-400\" data-elementor-post-type=\"page\">\n\t\t\t\t<div class=\"elementor-element elementor-element-6d8c761 e-flex e-con-boxed e-con e-parent\" data-id=\"6d8c761\" data-element_type=\"container\" data-settings=\"{&quot;background_background&quot;:&quot;classic&quot;,&quot;content_width&quot;:&quot;boxed&quot;}\" data-core-v316-plus=\"true\">\n\t\t\t\t\t<div class=\"e-con-inner\">\n\t\t\t\t<div class=\"elementor-element elementor-element-c034551 elementor-widget elementor-widget-heading\" data-id=\"c034551\" data-element_type=\"widget\" data-widget_type=\"heading.default\">\n\t\t\t\t<div class=\"elementor-widget-container\">\n\t\t\t<style>\/*! elementor - v3.19.0 - 28-02-2024 *\/\n.elementor-heading-title{padding:0;margin:0;line-height:1}.elementor-widget-heading .elementor-heading-title[class*=elementor-size-]>a{color:inherit;font-size:inherit;line-height:inherit}.elementor-widget-heading .elementor-heading-title.elementor-size-small{font-size:15px}.elementor-widget-heading .elementor-heading-title.elementor-size-medium{font-size:19px}.elementor-widget-heading .elementor-heading-title.elementor-size-large{font-size:29px}.elementor-widget-heading .elementor-heading-title.elementor-size-xl{font-size:39px}.elementor-widget-heading .elementor-heading-title.elementor-size-xxl{font-size:59px}<\/style><h2 class=\"elementor-heading-title elementor-size-default\">Pol\u00edtica de Privacidad<\/h2>\t\t<\/div>\n\t\t\t\t<\/div>\n\t\t\t\t<div class=\"elementor-element elementor-element-1b0ff0b elementor-widget elementor-widget-heading\" data-id=\"1b0ff0b\" data-element_type=\"widget\" data-widget_type=\"heading.default\">\n\t\t\t\t<div class=\"elementor-widget-container\">\n\t\t\t<h2 class=\"elementor-heading-title elementor-size-default\">1. Datos identificativos<\/h2>\t\t<\/div>\n\t\t\t\t<\/div>\n\t\t\t\t<div class=\"elementor-element elementor-element-c0c220f elementor-widget elementor-widget-text-editor\" data-id=\"c0c220f\" data-element_type=\"widget\" data-widget_type=\"text-editor.default\">\n\t\t\t\t<div class=\"elementor-widget-container\">\n\t\t\t<style>\/*! elementor - v3.19.0 - 28-02-2024 *\/\n.elementor-widget-text-editor.elementor-drop-cap-view-stacked .elementor-drop-cap{background-color:#69727d;color:#fff}.elementor-widget-text-editor.elementor-drop-cap-view-framed .elementor-drop-cap{color:#69727d;border:3px solid;background-color:transparent}.elementor-widget-text-editor:not(.elementor-drop-cap-view-default) .elementor-drop-cap{margin-top:8px}.elementor-widget-text-editor:not(.elementor-drop-cap-view-default) .elementor-drop-cap-letter{width:1em;height:1em}.elementor-widget-text-editor .elementor-drop-cap{float:left;text-align:center;line-height:1;font-size:50px}.elementor-widget-text-editor .elementor-drop-cap-letter{display:inline-block}<\/style>\t\t\t\t<p>Judit Figueras, como Responsable del Tratamiento, le informa que, seg\u00fan lo dispuesto en el Reglamento (UE) 2016\/679, de 27 de abril, (RGPD) y en la L.O. 3\/2018, de 5 de diciembre, de protecci\u00f3n de datos y garant\u00eda de los derechos digitales (LOPDGDD), se compromete a tratar su datos tal y como se refleja en la presente Pol\u00edtica de Privacidad.<\/p><p>\u00a0<\/p><p>En esta Pol\u00edtica de Privacidad se describe c\u00f3mo y por qu\u00e9 son recogidos sus datos personales, qu\u00e9 se hace con ellos, con qui\u00e9n se comparten, c\u00f3mo se protegen y sus opciones en cuanto al tratamiento de sus datos personales.<\/p><p><span style=\"color: var( --e-global-color-5842a78 ); font-family: var( --e-global-typography-text-font-family ), Sans-serif; font-size: var( --e-global-typography-text-font-size ); font-weight: var( --e-global-typography-text-font-weight ); text-align: var(--text-align); background-color: var( --e-global-color-accent );\">Esta Pol\u00edtica se aplica al tratamiento de sus datos personales recogidos por la empresa para la prestaci\u00f3n de sus servicios. Si acepta las medidas de esta Pol\u00edtica, acepta que tratemos sus datos personales como se define en esta Pol\u00edtica.<\/span><\/p>\t\t\t\t\t\t<\/div>\n\t\t\t\t<\/div>\n\t\t\t\t<div class=\"elementor-element elementor-element-c482f72 elementor-widget elementor-widget-heading\" data-id=\"c482f72\" data-element_type=\"widget\" data-widget_type=\"heading.default\">\n\t\t\t\t<div class=\"elementor-widget-container\">\n\t\t\t<h2 class=\"elementor-heading-title elementor-size-default\">2. Contacto<\/h2>\t\t<\/div>\n\t\t\t\t<\/div>\n\t\t\t\t<div class=\"elementor-element elementor-element-801544e elementor-widget elementor-widget-text-editor\" data-id=\"801544e\" data-element_type=\"widget\" data-widget_type=\"text-editor.default\">\n\t\t\t\t<div class=\"elementor-widget-container\">\n\t\t\t\t\t\t\t<p>Titular: Judit Figueras<\/p>\n<p><span style=\"color: var( --e-global-color-5842a78 ); font-family: var( --e-global-typography-text-font-family ), Sans-serif; font-size: var( --e-global-typography-text-font-size ); font-weight: var( --e-global-typography-text-font-weight ); text-align: var(--text-align); background-color: var( --e-global-color-accent );\">NIF: 21789068H<\/span><br><\/p>\n<p><span style=\"color: var( --e-global-color-5842a78 ); font-family: var( --e-global-typography-text-font-family ), Sans-serif; font-size: var( --e-global-typography-text-font-size ); font-weight: var( --e-global-typography-text-font-weight ); text-align: var(--text-align); background-color: var( --e-global-color-accent );\">Direcci\u00f3n: C\/ Lepant 108,&nbsp;<\/span><span style=\"text-align: var(--text-align); background-color: var( --e-global-color-accent );\">08203 Sabadell (Barcelona)<\/span><br><\/p>\n<p><span style=\"color: var( --e-global-color-5842a78 ); font-family: var( --e-global-typography-text-font-family ), Sans-serif; font-size: var( --e-global-typography-text-font-size ); font-weight: var( --e-global-typography-text-font-weight ); text-align: var(--text-align); background-color: var( --e-global-color-accent );\">Email: hola@juditfigueraspsicologia.com<\/span><br><\/p>\t\t\t\t\t\t<\/div>\n\t\t\t\t<\/div>\n\t\t\t\t<div class=\"elementor-element elementor-element-192b75e elementor-widget elementor-widget-heading\" data-id=\"192b75e\" data-element_type=\"widget\" data-widget_type=\"heading.default\">\n\t\t\t\t<div class=\"elementor-widget-container\">\n\t\t\t<h2 class=\"elementor-heading-title elementor-size-default\">3. Principios clave<\/h2>\t\t<\/div>\n\t\t\t\t<\/div>\n\t\t\t\t<div class=\"elementor-element elementor-element-e109120 elementor-widget elementor-widget-text-editor\" data-id=\"e109120\" data-element_type=\"widget\" data-widget_type=\"text-editor.default\">\n\t\t\t\t<div class=\"elementor-widget-container\">\n\t\t\t\t\t\t\t<p>Judit Figueras se compromete a tratar sus datos bajo los siguientes principios:<\/p><p>\u00a0<\/p><ul><li>Legalidad: Solo se recopilaran sus Datos personales para fines espec\u00edficos, expl\u00edcitos y leg\u00edtimos.<\/li><li>Minimizaci\u00f3n de datos: se limita la recogida de datos de car\u00e1cter personal a lo que es estrictamente relevante y necesario para los fines para los que se han recopilado.<\/li><li>Limitaci\u00f3n de la Finalidad: sus datos personales solo se recogen para los fines declarados y solo seg\u00fan sus deseos.<\/li><li>Precisi\u00f3n: sus datos personales se mantendr\u00e1n exactos y actualizados.<\/li><li>Seguridad de los Datos: Se aplican las medidas t\u00e9cnicas y organizativas adecuadas y proporcionales a los riesgos para garantizar que sus datos no sufran da\u00f1os, tales como divulgaci\u00f3n o acceso no autorizado, la destrucci\u00f3n accidental o il\u00edcita o su p\u00e9rdida accidental o alteraci\u00f3n y cualquier otra forma de tratamiento il\u00edcito.<\/li><li>Conservaci\u00f3n: Sus datos personales de conservan de manera legal y apropiada y solo mientras es necesario para los fines para los que se han recopilado.<br \/>Terceros: El acceso y transferencia de datos personales a terceros se llevan a cabo de acuerdo con las leyes y reglamentos aplicables y con las garant\u00edas contractuales adecuadas.<\/li><li>Marketing Directo y cookies: se cumple con la legislaci\u00f3n aplicable en materia de publicidad y cookies.<\/li><\/ul>\t\t\t\t\t\t<\/div>\n\t\t\t\t<\/div>\n\t\t\t\t<div class=\"elementor-element elementor-element-28863cb elementor-widget elementor-widget-heading\" data-id=\"28863cb\" data-element_type=\"widget\" data-widget_type=\"heading.default\">\n\t\t\t\t<div class=\"elementor-widget-container\">\n\t\t\t<h2 class=\"elementor-heading-title elementor-size-default\">4. Legitimidad<\/h2>\t\t<\/div>\n\t\t\t\t<\/div>\n\t\t\t\t<div class=\"elementor-element elementor-element-5236676 elementor-widget elementor-widget-text-editor\" data-id=\"5236676\" data-element_type=\"widget\" data-widget_type=\"text-editor.default\">\n\t\t\t\t<div class=\"elementor-widget-container\">\n\t\t\t\t\t\t\t<p>De acuerdo con la normativa de protecci\u00f3n de datos aplicable, sus datos personales podr\u00e1n tratarse siempre que:<\/p><ul><li>Nos ha dado su consentimiento a los efectos del tratamiento. Por supuesto podr\u00e1 retirar su consentimiento en cualquier momento.<\/li><li>Por requerimiento legal.<\/li><li>Por exisitr un inter\u00e9s leg\u00edtimo que no se vea menoscabado por sus derechos de privacidad, como por ejemplo el env\u00edo de informaci\u00f3n comercial bien por suscripci\u00f3n a nuestra newsletter o por su condici\u00f3n de cliente.<\/li><li>Por se necesaria para la prestaci\u00f3n de alguno de nuestros servicios mediante relaci\u00f3n contractual entre usted y nosotros.<\/li><\/ul>\t\t\t\t\t\t<\/div>\n\t\t\t\t<\/div>\n\t\t\t\t<div class=\"elementor-element elementor-element-af6cdc8 elementor-widget elementor-widget-heading\" data-id=\"af6cdc8\" data-element_type=\"widget\" data-widget_type=\"heading.default\">\n\t\t\t\t<div class=\"elementor-widget-container\">\n\t\t\t<h2 class=\"elementor-heading-title elementor-size-default\">5. Comunicaci\u00f3n de datos personales<\/h2>\t\t<\/div>\n\t\t\t\t<\/div>\n\t\t\t\t<div class=\"elementor-element elementor-element-fa20fc5 elementor-widget elementor-widget-text-editor\" data-id=\"fa20fc5\" data-element_type=\"widget\" data-widget_type=\"text-editor.default\">\n\t\t\t\t<div class=\"elementor-widget-container\">\n\t\t\t\t\t\t\t<p>Los datos pueden ser comunicados a empresas relacionadas con Judit Figueras, para la prestaci\u00f3n de los diversos servicios en calidad de Encargados del Tratamiento. La empresa no realizar\u00e1 ninguna cesi\u00f3n, salvo por obligaci\u00f3n legal.<\/p>\t\t\t\t\t\t<\/div>\n\t\t\t\t<\/div>\n\t\t\t\t<div class=\"elementor-element elementor-element-9df52cf elementor-widget elementor-widget-heading\" data-id=\"9df52cf\" data-element_type=\"widget\" data-widget_type=\"heading.default\">\n\t\t\t\t<div class=\"elementor-widget-container\">\n\t\t\t<h2 class=\"elementor-heading-title elementor-size-default\">6. Sus derechos<\/h2>\t\t<\/div>\n\t\t\t\t<\/div>\n\t\t\t\t<div class=\"elementor-element elementor-element-d16cbb5 elementor-widget elementor-widget-text-editor\" data-id=\"d16cbb5\" data-element_type=\"widget\" data-widget_type=\"text-editor.default\">\n\t\t\t\t<div class=\"elementor-widget-container\">\n\t\t\t\t\t\t\t<p>En relaci\u00f3n con la recogida y tratamiento de sus datos personales, puede contactar en cualquier momento para:<br \/><br \/><\/p><ul><li>Acceder a sus datos personales y a cualquier otra informaci\u00f3n indicada en el Art\u00edculo 15.1 del RGPD.<\/li><li>Rectificar sus datos personales que sean inexactos o est\u00e9n incompletos de acuerdo con el Art\u00edculo 16 del RGPD.<\/li><li>Suprimir sus datos personales de acuerdo con el Art\u00edculo 17 del RGPD.<\/li><li>Limitar el tratamiento de sus datos personales de acuerdo con el Art\u00edculo 18 del RGPD.<\/li><li>Solicitar la portabilidad de sus datos de acuerdo con el Art\u00edculo 20 del RGPD.<\/li><li>Oponerse al tratamiento de sus datos personales de acuerdo con el art\u00edculo 21 del RGPD.<\/li><li>Si ha otorgado su consentimiento para alguna finalidad concreta, tiene derecho a retirar el consentimiento otorgado en cualquier momento, sin que ello afecte a la licitud del tratamiento basado en el consentimiento previo a su retirada rrhh.<\/li><\/ul><p>\u00a0<\/p><p>Puede ejercer estos derechos enviando comunicaci\u00f3n, motivada y acreditada, a info@juditfigueraspsicologia.com<br \/><br \/>Tambi\u00e9n tiene derecho a presentar una reclamaci\u00f3n ante la Autoridad de control competente (www.aepd.es) si considera que el tratamiento no se ajusta a la normativa vigente.<\/p>\t\t\t\t\t\t<\/div>\n\t\t\t\t<\/div>\n\t\t\t\t<div class=\"elementor-element elementor-element-660118b elementor-widget elementor-widget-heading\" data-id=\"660118b\" data-element_type=\"widget\" data-widget_type=\"heading.default\">\n\t\t\t\t<div class=\"elementor-widget-container\">\n\t\t\t<h2 class=\"elementor-heading-title elementor-size-default\">7. Informaci\u00f3n Legal<\/h2>\t\t<\/div>\n\t\t\t\t<\/div>\n\t\t\t\t<div class=\"elementor-element elementor-element-9094dc9 elementor-widget elementor-widget-text-editor\" data-id=\"9094dc9\" data-element_type=\"widget\" data-widget_type=\"text-editor.default\">\n\t\t\t\t<div class=\"elementor-widget-container\">\n\t\t\t\t\t\t\t<p>Los requisitos de esta Pol\u00edtica complementan, y no reemplazan, cualquier otro requisito existente bajo la ley de protecci\u00f3n de datos aplicable, que ser\u00e1 la que prevalezca en cualquier caso.<br \/><br \/>Esta Pol\u00edtica est\u00e1 sujeta a revisiones peri\u00f3dicas y la empresa puede modificarla en cualquier momento. Cuando esto ocurra, le avisaremos de cualquier cambio y le pediremos que vuelva a leer la versi\u00f3n m\u00e1s reciente de nuestra Pol\u00edtica y que confirme su aceptaci\u00f3n.<\/p>\t\t\t\t\t\t<\/div>\n\t\t\t\t<\/div>\n\t\t\t\t\t<\/div>\n\t\t\t\t<\/div>\n\t\t\t\t<\/div>\n\t\t","protected":false},"excerpt":{"rendered":"<p>Pol\u00edtica de Privacidad 1. Datos identificativos Judit Figueras, como Responsable del Tratamiento, le informa que, seg\u00fan lo dispuesto en el Reglamento (UE) 2016\/679, de 27 de abril, (RGPD) y en la L.O. 3\/2018, de 5 de diciembre, de protecci\u00f3n de datos y garant\u00eda de los derechos digitales (LOPDGDD), se compromete a tratar su datos tal [&hellip;]<\/p>\n","protected":false},"author":1,"featured_media":0,"parent":0,"menu_order":0,"comment_status":"closed","ping_status":"closed","template":"","meta":{"_monsterinsights_skip_tracking":false,"_monsterinsights_sitenote_active":false,"_monsterinsights_sitenote_note":"","_monsterinsights_sitenote_category":0,"footnotes":""},"class_list":["post-400","page","type-page","status-publish","hentry"],"yoast_head":"<!-- This site is optimized with the Yoast SEO plugin v22.1 - https:\/\/yoast.com\/wordpress\/plugins\/seo\/ -->\n<title>Pol\u00edtica de Privacidad - Judit Figueras Psicolog\u00eda<\/title>\n<meta name=\"robots\" content=\"index, follow, max-snippet:-1, max-image-preview:large, max-video-preview:-1\" \/>\n<link rel=\"canonical\" href=\"https:\/\/juditfigueraspsicologia.com\/index.php\/politica-privacidad\/\" \/>\n<meta property=\"og:locale\" content=\"es_ES\" \/>\n<meta property=\"og:type\" content=\"article\" \/>\n<meta property=\"og:title\" content=\"Pol\u00edtica de Privacidad - Judit Figueras Psicolog\u00eda\" \/>\n<meta property=\"og:description\" content=\"Pol\u00edtica de Privacidad 1. Datos identificativos Judit Figueras, como Responsable del Tratamiento, le informa que, seg\u00fan lo dispuesto en el Reglamento (UE) 2016\/679, de 27 de abril, (RGPD) y en la L.O. 3\/2018, de 5 de diciembre, de protecci\u00f3n de datos y garant\u00eda de los derechos digitales (LOPDGDD), se compromete a tratar su datos tal [&hellip;]\" \/>\n<meta property=\"og:url\" content=\"https:\/\/juditfigueraspsicologia.com\/index.php\/politica-privacidad\/\" \/>\n<meta property=\"og:site_name\" content=\"Judit Figueras Psicolog\u00eda\" \/>\n<meta property=\"article:modified_time\" content=\"2024-02-29T10:31:57+00:00\" \/>\n<meta name=\"twitter:card\" content=\"summary_large_image\" \/>\n<meta name=\"twitter:label1\" content=\"Tiempo de lectura\" \/>\n\t<meta name=\"twitter:data1\" content=\"4 minutos\" \/>\n<script type=\"application\/ld+json\" class=\"yoast-schema-graph\">{\"@context\":\"https:\/\/schema.org\",\"@graph\":[{\"@type\":\"WebPage\",\"@id\":\"https:\/\/juditfigueraspsicologia.com\/index.php\/politica-privacidad\/\",\"url\":\"https:\/\/juditfigueraspsicologia.com\/index.php\/politica-privacidad\/\",\"name\":\"Pol\u00edtica de Privacidad - Judit Figueras Psicolog\u00eda\",\"isPartOf\":{\"@id\":\"https:\/\/juditfigueraspsicologia.com\/#website\"},\"datePublished\":\"2024-02-11T13:10:04+00:00\",\"dateModified\":\"2024-02-29T10:31:57+00:00\",\"breadcrumb\":{\"@id\":\"https:\/\/juditfigueraspsicologia.com\/index.php\/politica-privacidad\/#breadcrumb\"},\"inLanguage\":\"es\",\"potentialAction\":[{\"@type\":\"ReadAction\",\"target\":[\"https:\/\/juditfigueraspsicologia.com\/index.php\/politica-privacidad\/\"]}]},{\"@type\":\"BreadcrumbList\",\"@id\":\"https:\/\/juditfigueraspsicologia.com\/index.php\/politica-privacidad\/#breadcrumb\",\"itemListElement\":[{\"@type\":\"ListItem\",\"position\":1,\"name\":\"Portada\",\"item\":\"https:\/\/juditfigueraspsicologia.com\/\"},{\"@type\":\"ListItem\",\"position\":2,\"name\":\"Pol\u00edtica de Privacidad\"}]},{\"@type\":\"WebSite\",\"@id\":\"https:\/\/juditfigueraspsicologia.com\/#website\",\"url\":\"https:\/\/juditfigueraspsicologia.com\/\",\"name\":\"Judit Figueras Psicolog\u00eda\",\"description\":\"Psicoterapia Online\",\"publisher\":{\"@id\":\"https:\/\/juditfigueraspsicologia.com\/#\/schema\/person\/b99a03a10b47dd45e918de311d67d6fd\"},\"potentialAction\":[{\"@type\":\"SearchAction\",\"target\":{\"@type\":\"EntryPoint\",\"urlTemplate\":\"https:\/\/juditfigueraspsicologia.com\/?s={search_term_string}\"},\"query-input\":\"required name=search_term_string\"}],\"inLanguage\":\"es\"},{\"@type\":[\"Person\",\"Organization\"],\"@id\":\"https:\/\/juditfigueraspsicologia.com\/#\/schema\/person\/b99a03a10b47dd45e918de311d67d6fd\",\"name\":\"Judit Figueras\",\"image\":{\"@type\":\"ImageObject\",\"inLanguage\":\"es\",\"@id\":\"https:\/\/juditfigueraspsicologia.com\/#\/schema\/person\/image\/\",\"url\":\"https:\/\/juditfigueraspsicologia.com\/wp-content\/uploads\/2024\/02\/Logo-principal-crema-naranja-100.jpg\",\"contentUrl\":\"https:\/\/juditfigueraspsicologia.com\/wp-content\/uploads\/2024\/02\/Logo-principal-crema-naranja-100.jpg\",\"width\":1080,\"height\":1080,\"caption\":\"Judit Figueras\"},\"logo\":{\"@id\":\"https:\/\/juditfigueraspsicologia.com\/#\/schema\/person\/image\/\"}}]}<\/script>\n<!-- \/ Yoast SEO plugin. -->","yoast_head_json":{"title":"Pol\u00edtica de Privacidad - Judit Figueras Psicolog\u00eda","robots":{"index":"index","follow":"follow","max-snippet":"max-snippet:-1","max-image-preview":"max-image-preview:large","max-video-preview":"max-video-preview:-1"},"canonical":"https:\/\/juditfigueraspsicologia.com\/index.php\/politica-privacidad\/","og_locale":"es_ES","og_type":"article","og_title":"Pol\u00edtica de Privacidad - Judit Figueras Psicolog\u00eda","og_description":"Pol\u00edtica de Privacidad 1. Datos identificativos Judit Figueras, como Responsable del Tratamiento, le informa que, seg\u00fan lo dispuesto en el Reglamento (UE) 2016\/679, de 27 de abril, (RGPD) y en la L.O. 3\/2018, de 5 de diciembre, de protecci\u00f3n de datos y garant\u00eda de los derechos digitales (LOPDGDD), se compromete a tratar su datos tal [&hellip;]","og_url":"https:\/\/juditfigueraspsicologia.com\/index.php\/politica-privacidad\/","og_site_name":"Judit Figueras Psicolog\u00eda","article_modified_time":"2024-02-29T10:31:57+00:00","twitter_card":"summary_large_image","twitter_misc":{"Tiempo de lectura":"4 minutos"},"schema":{"@context":"https:\/\/schema.org","@graph":[{"@type":"WebPage","@id":"https:\/\/juditfigueraspsicologia.com\/index.php\/politica-privacidad\/","url":"https:\/\/juditfigueraspsicologia.com\/index.php\/politica-privacidad\/","name":"Pol\u00edtica de Privacidad - Judit Figueras Psicolog\u00eda","isPartOf":{"@id":"https:\/\/juditfigueraspsicologia.com\/#website"},"datePublished":"2024-02-11T13:10:04+00:00","dateModified":"2024-02-29T10:31:57+00:00","breadcrumb":{"@id":"https:\/\/juditfigueraspsicologia.com\/index.php\/politica-privacidad\/#breadcrumb"},"inLanguage":"es","potentialAction":[{"@type":"ReadAction","target":["https:\/\/juditfigueraspsicologia.com\/index.php\/politica-privacidad\/"]}]},{"@type":"BreadcrumbList","@id":"https:\/\/juditfigueraspsicologia.com\/index.php\/politica-privacidad\/#breadcrumb","itemListElement":[{"@type":"ListItem","position":1,"name":"Portada","item":"https:\/\/juditfigueraspsicologia.com\/"},{"@type":"ListItem","position":2,"name":"Pol\u00edtica de Privacidad"}]},{"@type":"WebSite","@id":"https:\/\/juditfigueraspsicologia.com\/#website","url":"https:\/\/juditfigueraspsicologia.com\/","name":"Judit Figueras Psicolog\u00eda","description":"Psicoterapia Online","publisher":{"@id":"https:\/\/juditfigueraspsicologia.com\/#\/schema\/person\/b99a03a10b47dd45e918de311d67d6fd"},"potentialAction":[{"@type":"SearchAction","target":{"@type":"EntryPoint","urlTemplate":"https:\/\/juditfigueraspsicologia.com\/?s={search_term_string}"},"query-input":"required name=search_term_string"}],"inLanguage":"es"},{"@type":["Person","Organization"],"@id":"https:\/\/juditfigueraspsicologia.com\/#\/schema\/person\/b99a03a10b47dd45e918de311d67d6fd","name":"Judit Figueras","image":{"@type":"ImageObject","inLanguage":"es","@id":"https:\/\/juditfigueraspsicologia.com\/#\/schema\/person\/image\/","url":"https:\/\/juditfigueraspsicologia.com\/wp-content\/uploads\/2024\/02\/Logo-principal-crema-naranja-100.jpg","contentUrl":"https:\/\/juditfigueraspsicologia.com\/wp-content\/uploads\/2024\/02\/Logo-principal-crema-naranja-100.jpg","width":1080,"height":1080,"caption":"Judit Figueras"},"logo":{"@id":"https:\/\/juditfigueraspsicologia.com\/#\/schema\/person\/image\/"}}]}},"_links":{"self":[{"href":"https:\/\/juditfigueraspsicologia.com\/index.php\/wp-json\/wp\/v2\/pages\/400","targetHints":{"allow":["GET"]}}],"collection":[{"href":"https:\/\/juditfigueraspsicologia.com\/index.php\/wp-json\/wp\/v2\/pages"}],"about":[{"href":"https:\/\/juditfigueraspsicologia.com\/index.php\/wp-json\/wp\/v2\/types\/page"}],"author":[{"embeddable":true,"href":"https:\/\/juditfigueraspsicologia.com\/index.php\/wp-json\/wp\/v2\/users\/1"}],"replies":[{"embeddable":true,"href":"https:\/\/juditfigueraspsicologia.com\/index.php\/wp-json\/wp\/v2\/comments?post=400"}],"version-history":[{"count":13,"href":"https:\/\/juditfigueraspsicologia.com\/index.php\/wp-json\/wp\/v2\/pages\/400\/revisions"}],"predecessor-version":[{"id":638,"href":"https:\/\/juditfigueraspsicologia.com\/index.php\/wp-json\/wp\/v2\/pages\/400\/revisions\/638"}],"wp:attachment":[{"href":"https:\/\/juditfigueraspsicologia.com\/index.php\/wp-json\/wp\/v2\/media?parent=400"}],"curies":[{"name":"wp","href":"https:\/\/api.w.org\/{rel}","templated":true}]}}